{"id":1220,"date":"2019-12-16T21:19:09","date_gmt":"2019-12-16T20:19:09","guid":{"rendered":"http:\/\/astroterrassa.org\/blog\/?page_id=1220"},"modified":"2023-02-12T20:25:54","modified_gmt":"2023-02-12T19:25:54","slug":"j-d-r","status":"publish","type":"page","link":"https:\/\/astroterrassa.org\/blog\/j-d-r\/","title":{"rendered":"Jornades de Relativitat de Terrassa"},"content":{"rendered":"\n<p>.Les <strong>Jornades de Relativitat de Terrassa<\/strong> s&#8217;organitzen anualment des de l&#8217;any 2008 per portar la divulgaci\u00f3 cient\u00edfica a la ciutat de Terrassa en temes  relacionats amb la Teoria de la relativitat. <\/p>\n\n\n\n<p>L&#8217;<strong>Agrupaci\u00f3 Astron\u00f2mica de Terrassa<\/strong> treballa per assegurar la continu\u00eftat de la Jornada, convidant a cient\u00edfics actius en la recerca actual a difondre les troballes m\u00e9s apassionants en astrof\u00edsica, cosmologia, f\u00edsica qu\u00e0ntica i altres camps de la ci\u00e8ncia en qu\u00e8 van sorgint aplicacions de la Teoria de la relativitat i de la gravitaci\u00f3.<\/p>\n\n\n\n<p>Cada any es conviden normalment tres cient\u00edfics com a ponents de les xerrades que es fan en un dissabte al mat\u00ed. Son d&#8217;entrada gratu\u00efta, amb  inscripci\u00f3 pr\u00e8via donat l&#8217;inter\u00e8s que desperta entre el p\u00fablic aquest acte i l&#8217;aforament limitat de la sala on es porta a terme, tot i que cada any s&#8217;intenta disposar d&#8217;auditoris amb m\u00e9s capacitat.<\/p>\n\n\n\n<p> Un cop finalitzades les confer\u00e8ncies, s&#8217;organitza un dinar relativista (de pagament, per\u00f2 &#8220;relativament&#8221; econ\u00f2mic) amb un men\u00fa &#8220;adaptat&#8221; a la tem\u00e0tica de la Jornada.<\/p>\n\n\n\n<h2 class=\"wp-block-heading\">Propera edici\u00f3<\/h2>\n\n\n\n<p><strong>16a Jornades de la relativitat de Terrassa<\/strong><\/p>\n\n\n\n<p><strong>Terrassa,  25 de febrer de 2023<\/strong><\/p>\n\n\n\n<figure class=\"wp-block-image size-large\"><img loading=\"lazy\" decoding=\"async\" width=\"1697\" height=\"2400\" src=\"https:\/\/astroterrassa.org\/blog\/wp-content\/uploads\/2023\/01\/cartell-jornades-relativitat-2023-_page-0001-1-1697x2400.jpg\" alt=\"\" class=\"wp-image-5670\" srcset=\"https:\/\/astroterrassa.org\/blog\/wp-content\/uploads\/2023\/01\/cartell-jornades-relativitat-2023-_page-0001-1-1697x2400.jpg 1697w, https:\/\/astroterrassa.org\/blog\/wp-content\/uploads\/2023\/01\/cartell-jornades-relativitat-2023-_page-0001-1-600x849.jpg 600w, https:\/\/astroterrassa.org\/blog\/wp-content\/uploads\/2023\/01\/cartell-jornades-relativitat-2023-_page-0001-1-768x1086.jpg 768w, https:\/\/astroterrassa.org\/blog\/wp-content\/uploads\/2023\/01\/cartell-jornades-relativitat-2023-_page-0001-1-1086x1536.jpg 1086w, https:\/\/astroterrassa.org\/blog\/wp-content\/uploads\/2023\/01\/cartell-jornades-relativitat-2023-_page-0001-1-1448x2048.jpg 1448w, https:\/\/astroterrassa.org\/blog\/wp-content\/uploads\/2023\/01\/cartell-jornades-relativitat-2023-_page-0001-1-212x300.jpg 212w, https:\/\/astroterrassa.org\/blog\/wp-content\/uploads\/2023\/01\/cartell-jornades-relativitat-2023-_page-0001-1-724x1024.jpg 724w, https:\/\/astroterrassa.org\/blog\/wp-content\/uploads\/2023\/01\/cartell-jornades-relativitat-2023-_page-0001-1-1320x1867.jpg 1320w, https:\/\/astroterrassa.org\/blog\/wp-content\/uploads\/2023\/01\/cartell-jornades-relativitat-2023-_page-0001-1.jpg 1754w\" sizes=\"auto, (max-width: 1697px) 100vw, 1697px\" \/><\/figure>\n\n\n\n<p><strong>Organitza:<\/strong> Agrupaci\u00f3 Astron\u00f2mica de Terrassa<\/p>\n\n\n\n<p><strong>Data:<\/strong> Dissabte 25 de febrer de 2023<\/p>\n\n\n\n<p><strong>Lloc de les xerrades:<\/strong> Escola d&#8217;Enginyeria de Terrassa (ESEIAAT), c.Colom 1.<\/p>\n\n\n\n<p>&nbsp;De nou tornem a programar les Jornades de Relativitat de Terrassa, una<\/p>\n\n\n\n<p>activitat que l&#8217;aaT ha realitzat anualment, iniciades pel nostre company i<\/p>\n\n\n\n<p>ex-President de l&#8217;aaT Andr\u00e9s Aragoneses l&#8217;any 2008, i continuades sense<\/p>\n\n\n\n<p>interrupci\u00f3 fins avui. Aquest any 2023 les Jornades tenen un car\u00e0cter molt<\/p>\n\n\n\n<p>especial: celebrem el centenari de la visita d&#8217;Albert Einstein, que va<\/p>\n\n\n\n<p>arribar a Catalunya el 22 de febrer de 1923 i va visitar la nostra ciutat<\/p>\n\n\n\n<p>de Terrassa el 24 de febrer de 1923, acompanyat de l&#8217;aleshores President de<\/p>\n\n\n\n<p>la Mancomunitat de Catalunya, Josep Puig i Cadafalch.<\/p>\n\n\n\n<p>&nbsp;Per celebrar aquesta efem\u00e8ride, es faran una s\u00e8rie d&#8217;actes conjuntament<\/p>\n\n\n\n<p>amb les XVI Jornades de Relativitat de Terrassa. El divendres 24 de febrer<\/p>\n\n\n\n<p>a les 7 del vespre, \u00d2mnium Terrassa organitza una confer\u00e8ncia sobre la<\/p>\n\n\n\n<p>hist\u00f2ria de l&#8217;arqueologia a la Seu d&#8217;\u00c8gara, impartida per Carles S\u00e1nchez,<\/p>\n\n\n\n<p>director de la Candidatura de la Seu d&#8217;\u00c8gara a Patrimoni Mundial de la UNESCO.<\/p>\n\n\n\n<p>Albert Einstein va venir a Terrassa per visitar la Seu d&#8217;\u00c8gara i con\u00e8ixer de&nbsp;<\/p>\n\n\n\n<p>primera m\u00e0 les investigacions arqueol\u00f2giques que hi va realitzar<\/p>\n\n\n\n<p>Josep Puig i Cadafalch en aquella \u00e8poca. El t\u00edtol de la xerrada \u00e9s:&nbsp;<\/p>\n\n\n\n<p>&#8220;La redescoberta de la bellesa oblidada: Puig i Cadafalch, Einstein&nbsp;<\/p>\n\n\n\n<p>i la fascinaci\u00f3 per les Esgl\u00e9sies de Sant Pere.&#8221;<\/p>\n\n\n\n<p class=\"has-text-align-left\">&nbsp;El dissabte 25, les Jornades se celebraran al mat\u00ed, entre les 9:00 i les<\/p>\n\n\n\n<p class=\"has-text-align-left\">13:30, a l&#8217;edifici de l&#8217;Escola d&#8217;Enginyeria ESEIAAT (carrer Colom 1), que<\/p>\n\n\n\n<p class=\"has-text-align-left\">Albert Einstein tamb\u00e9 va visitar el 24 de febrer de 1923. Aquest any les<\/p>\n\n\n\n<p class=\"has-text-align-left\">Jornades tindran una tem\u00e0tica hist\u00f2rica especial, que detallem en el programa<\/p>\n\n\n\n<p class=\"has-text-align-left\">que trobareu a continuaci\u00f3. Seguidament hi haur\u00e0<\/p>\n\n\n\n<p class=\"has-text-align-left\">el Dinar Relativista  (27 Euros, prioritzant els socis de l&#8217;aaT) que fem cada any, on tots els participants a les Jornades<\/p>\n\n\n\n<p class=\"has-text-align-left\">que vulguin assistir-hi podran conversar amb els conferenciants. Despr\u00e9s, a<\/p>\n\n\n\n<p class=\"has-text-align-left\">les 16:30 de la tarda, l&#8217;aaT organitza una visita guiada a la Seu d&#8217;\u00c8gara.<\/p>\n\n\n\n<p>Finalment, dissabte a les 19:30, tindr\u00e0 lloc al Hall de l&#8217;ESEIAAT-UPC el<\/p>\n\n\n\n<p>concert &#8216;Cient\u00edfics!&#8217;, a c\u00e0rrec del Quartet Brossa, dins el Cicle: Sons del<\/p>\n\n\n\n<p>Temps, m\u00fasica i patrimoni. Preu: 6\u20ac.<\/p>\n\n\n\n<p>Programa de les XVI Jornades de Relativitat de Terrassa<\/p>\n\n\n\n<p>Agrupaci\u00f3 Astron\u00f2mica de Terrassa<\/p>\n\n\n\n<p>Dissabte 25 de febrer de 2023, de 9:00 a 13:30.<\/p>\n\n\n\n<p>Escola d&#8217;Enginyeria de Terrassa (ESEIAAT-UPC), c. Colom 1.<\/p>\n\n\n\n<p class=\"has-text-align-left\">Programa de les XVI Jornades de Relativitat de Terrassa de l&#8217;aaT<\/p>\n\n\n\n<p class=\"has-text-align-left\"><strong>Dissabte 25 de febrer de 2023, de 9:00 a 13:30.<\/strong><\/p>\n\n\n\n<p class=\"has-text-align-left\">Escola d&#8217;Enginyeria de Terrassa (ESEIAAT), c. Colom 1.<\/p>\n\n\n\n<p><strong>9:00<\/strong> Obertura i acreditacions<\/p>\n\n\n\n<p><strong>9:30<\/strong> Presentaci\u00f3: Ra\u00fcl Aragon\u00e8s, president aaT, Dr. Xavi Roca (director ESEIAAT)<\/p>\n\n\n\n<p><strong>9:45<\/strong> L&#8217;estada d&#8217;Einstein a Catalunya el 1923: la f\u00edsica, les matem\u00e0tiques<\/p>\n\n\n\n<p>&nbsp;i m\u00e9s enll\u00e0.<\/p>\n\n\n\n<p>&nbsp;<em>Antoni Roca Rosell (Univ. Polit\u00e8cnica de Catalunya).<\/em><\/p>\n\n\n\n<p>&nbsp;Resum: L&#8217;estada d&#8217;Einstein a Catalunya el 1923 tingu\u00e9 lloc en el context<\/p>\n\n\n\n<p>de la seva gira a Espanya. La port\u00e0 a terme despr\u00e9s d&#8217;una altra gira de<\/p>\n\n\n\n<p>confer\u00e8ncies al Jap\u00f3. Esteve Terradas, professor i membre de l&#8217;Institut<\/p>\n\n\n\n<p>d&#8217;Estudis Catalans, havia participat molt destacadament en la invitaci\u00f3.<\/p>\n\n\n\n<p>A Barcelona, Terradas i els seus col\u00b7legues organitzaren minuciosament la<\/p>\n\n\n\n<p>visita i el curs. A m\u00e9s de revisar els passos d&#8217;Einstein per Catalunya -que<\/p>\n\n\n\n<p>inclogueren una visita a \u00c8gara-, volem fer veure, d&#8217;una banda, que la<\/p>\n\n\n\n<p>visita s&#8217;havia preparat per enfortir la recerca en f\u00edsica i matem\u00e0tiques,<\/p>\n\n\n\n<p>cosa que les circumst\u00e0ncies de l&#8217;\u00e8poca no van afavorir; d&#8217;altra banda,<\/p>\n\n\n\n<p>Einstein qued\u00e0 impactat de la for\u00e7a dels elements culturals catalans, i<\/p>\n\n\n\n<p>ho manifest\u00e0 en diverses ocasions en els anys seg\u00fcents.<\/p>\n\n\n\n<p><strong>10:45<\/strong> Pausa, caf\u00e8 i exposicions.<\/p>\n\n\n\n<p><strong>11:30<\/strong> El desenvolupament de l&#8217;astronomia, l&#8217;astrof\u00edsica i la cosmologia<\/p>\n\n\n\n<p>&nbsp;als Pa\u00efsos Catalans.<\/p>\n\n\n\n<p>&nbsp;<em>Vicent Mart\u00ednez (Univ. de Val\u00e8ncia).<\/em><\/p>\n\n\n\n<p>&nbsp;Resum: Presentem el desenvolupament de l&#8217;astronomia, l&#8217;astrof\u00edsica i la<\/p>\n\n\n\n<p>cosmologia des de l&#8217;observaci\u00f3 de la supernova del 1572 per Jeroni Muny\u00f3s<\/p>\n\n\n\n<p>a Val\u00e8ncia fins als nostres dies, passant pels \u201cnovators&#8221; als segles XVII<\/p>\n\n\n\n<p>i XVIII, el naixement de l&#8217;Observatori Fabra i l&#8217;Observatori de l&#8217;Ebre a<\/p>\n\n\n\n<p>inicis del segle XX. Veurem el paper que van tenir els eclipsis de 1900 i 1905<\/p>\n\n\n\n<p>en la internacionalitzaci\u00f3 dels cient\u00edfics, les contribucions d&#8217;astr\u00f2noms com<\/p>\n\n\n\n<p>ara Josep Joaquim Landerer i Josep Comas i Sol\u00e0, per continuar<\/p>\n\n\n\n<p>amb el desenvolupament de la cosmologia moderna seguint l&#8217;estela<\/p>\n\n\n\n<p>d&#8217;astrof\u00edsics com Ramon Lapiedra, Eduard Salvador i Ramon Canal que es van<\/p>\n\n\n\n<p>formar a l&#8217;escola francesa d&#8217;Andr\u00e9 Lichn\u00e9rowicz, Llu\u00eds Bel i Evry Schatzman.<\/p>\n\n\n\n<p>Finalment, es parlar\u00e0 de les institucions modernes en les universitats i<\/p>\n\n\n\n<p>institucions de recerca i l&#8217;ICREA, i el seu paper en els projectes de recerca<\/p>\n\n\n\n<p>actuals de Relativitat i Cosmologia als Pa\u00efsos Catalans.<\/p>\n\n\n\n<p><strong>12:30<\/strong> Un segle de cosmologia: des d&#8217;Einstein, Fridman i Lemaitre fins a<\/p>\n\n\n\n<p>&nbsp;l&#8217;actualitat.<\/p>\n\n\n\n<p><em>&nbsp;Jordi Miralda (ICREA, Institut de Ci\u00e8ncies del Cosmos &#8211; Univ. de Barcelona)<\/em><\/p>\n\n\n\n<p>&nbsp;Resum: Al 1923, la teoria de la Relativitat d&#8217;Einstein ja rebia una gran<\/p>\n\n\n\n<p>admiraci\u00f3 internacional gr\u00e0cies als resultats de l&#8217;observaci\u00f3 de la deflexi\u00f3<\/p>\n\n\n\n<p>de la llum en l&#8217;eclipsi de Sol de 1919 i l&#8217;explicaci\u00f3 de la precessi\u00f3 de<\/p>\n\n\n\n<p>l&#8217;\u00f2rbita de Mercuri, per\u00f2 encara no tenia altres aplicacions pr\u00e0ctiques. En<\/p>\n\n\n\n<p>aquell any, Alexander Fridman ja aplicava la Relativitat a la cosmologia i<\/p>\n\n\n\n<p>preveia un Univers en expansi\u00f3, i Georges Lemaitre proposaria poc despr\u00e9s el<\/p>\n\n\n\n<p>model d&#8217;expansi\u00f3 de l&#8217;Univers i el seu origen en un Gran Esclat.<\/p>\n\n\n\n<p>La Relativitat ha anat avan\u00e7ant durant els darrers 100 anys fins a arribar<\/p>\n\n\n\n<p>als grans descobriments i nous reptes de l&#8217;actualitat: les ones gravitat\u00f2ries<\/p>\n\n\n\n<p>detectades el 2015, els forats negres, i l&#8217;origen, composici\u00f3, i dest\u00ed de<\/p>\n\n\n\n<p>l&#8217;Univers en expansi\u00f3.<\/p>\n\n\n\n<p><strong>14:00<\/strong> Dinar relativista<\/p>\n\n\n\n<p><strong>16:30<\/strong> Visita a la Seu d&#8217;\u00c8gara<\/p>\n\n\n\n<p><strong>19:30<\/strong> Concert al ESEIAAT: Cient\u00edfics. Quartet Brossa  (6 Euros)<\/p>\n\n\n\n<hr class=\"wp-block-separator\"\/>\n\n\n\n<h2 class=\"wp-block-heading\">Edicions anteriors<\/h2>\n\n\n\n<p><strong>15a Jornades de la Relativitat de Terrassa<\/strong><\/p>\n\n\n\n<p><strong>Terrassa, 10 de setembre de 2022<\/strong><\/p>\n\n\n\n<figure class=\"wp-block-image size-large\"><img loading=\"lazy\" decoding=\"async\" width=\"1043\" height=\"1462\" src=\"https:\/\/astroterrassa.org\/blog\/wp-content\/uploads\/2022\/08\/IMG_20220802_074752.jpg\" alt=\"\" class=\"wp-image-5324\" srcset=\"https:\/\/astroterrassa.org\/blog\/wp-content\/uploads\/2022\/08\/IMG_20220802_074752.jpg 1043w, https:\/\/astroterrassa.org\/blog\/wp-content\/uploads\/2022\/08\/IMG_20220802_074752-600x841.jpg 600w, https:\/\/astroterrassa.org\/blog\/wp-content\/uploads\/2022\/08\/IMG_20220802_074752-768x1077.jpg 768w, https:\/\/astroterrassa.org\/blog\/wp-content\/uploads\/2022\/08\/IMG_20220802_074752-214x300.jpg 214w, https:\/\/astroterrassa.org\/blog\/wp-content\/uploads\/2022\/08\/IMG_20220802_074752-731x1024.jpg 731w\" sizes=\"auto, (max-width: 1043px) 100vw, 1043px\" \/><\/figure>\n\n\n\n<p><strong>Lloc<\/strong>: Museu de la ci\u00e8ncia i la t\u00e8cnica de Terrassa.<\/p>\n\n\n\n<p><strong>Quan: <\/strong> Dissabte 10 de Setembre del 2022 (tot el dia).<\/p>\n\n\n\n<p><strong>Format: <\/strong>Presencial.<\/p>\n\n\n\n<p>Preu: Gratuites.<\/p>\n\n\n\n<p><strong>Horari:<\/strong><\/p>\n\n\n\n<p>9:00 acreditaci\u00f3.<\/p>\n\n\n\n<p>9:30 presentaci\u00f3 a c\u00e0rrec del president de la AAT i responsable de l&#8217;ajuntament de Terrassa.<\/p>\n\n\n\n<p>9:45 presentaci\u00f3 Jornades i comentari cartell sobre el forat negre al centre de la Via L\u00e0ctia  a c\u00e0rrec de Dr. Jordi&nbsp;Miralda.<\/p>\n\n\n\n<p>10:00 xerrada a c\u00e0rrec de la Carme Jordi. <strong> T\u00edtol:<\/strong> de La missi\u00f3 Gaia no deixa de sorprendre&#8217;ns: nous descobriments de la&nbsp;Via L\u00e0ctia<\/p>\n\n\n\n<p>11:00 pausa i caf\u00e8<\/p>\n\n\n\n<p>11:45 Xerrada a c\u00e0rrec del Cristiano Germani. <strong>T\u00edtol:<\/strong> La Relativitat d&#8217;Einstein, fonament de la Cosmologia.<\/p>\n\n\n\n<p>12:45 Xerrada a c\u00e0rrec Guillem Anglada. <strong>T\u00edtol:<\/strong> Vida m\u00e9s enll\u00e0 de la Terra i exoplanetes.<\/p>\n\n\n\n<p>14:00 Dinar relativista al restaurant<em> Terrassa del museu<\/em> (23\u20ac). <\/p>\n\n\n\n<p>17:30 Visita al observatori de la Agrupaci\u00f3 Astron\u00f2mica de Terrassa.<\/p>\n\n\n\n<p>18:00 Xerrada col\u00b7loqui <\/p>\n\n\n\n<p>20:00 Piscolabis cortesia de la AAT.<\/p>\n\n\n\n<p>21:00 Observaci\u00f3 astron\u00f2mica al nostre observatori.<\/p>\n\n\n\n<p><strong>Resum de les Xerrades<\/strong><\/p>\n\n\n\n<p><strong>Dra. Carme Jordi,<\/strong> Institut de Ci\u00e8ncies del Cosmos, UB.<\/p>\n\n\n\n<p>&nbsp;<strong>T\u00edtol:<\/strong> La missi\u00f3 Gaia no deixa de sorprendre&#8217;ns: nous descobriments de la&nbsp;Via L\u00e0ctia.<\/p>\n\n\n\n<p><strong>&nbsp;Resum<\/strong>: La missi\u00f3 Gaia de l&#8217;Ag\u00e8ncia Espacial Europea, que ha publicat recentment el tercer arxiu de dades de posicions i moviments d&#8217;estrelles est\u00e0 sent una revoluci\u00f3 per al coneixement de la nostra Gal\u00e0xia, del Sistema Solar i tamb\u00e9 de gal\u00e0xies externes i qu\u00e0sars. Presentarem els descobriments m\u00e9s espectaculars sobre la nostra gal\u00e0xia, la Via L\u00e0ctia, a partir de les noves mesures de Gaia, especialment de les velocitats tri-dimensionals de 33 milions d&#8217;estrelles i de les abund\u00e0ncies dels elements qu\u00edmics de 2.5 milions d&#8217;estrelles.<\/p>\n\n\n\n<p><strong>Dr.<\/strong> <strong>Cristiano Germani<\/strong>, Institut de Ci\u00e8ncies del Cosmos, UB<\/p>\n\n\n\n<p><strong>T\u00edtol:<\/strong> La Relativitat d&#8217;Einstein, fonament de la Cosmologia.<\/p>\n\n\n\n<p><strong>Resum<\/strong>: La teoria de la gravitaci\u00f3 d&#8217;Einstein no \u00e9s nom\u00e9s l&#8217;eina fonamental per explicar la gravitaci\u00f3 i els forats negres, sin\u00f3 la base per entendre l&#8217;evoluci\u00f3 del Cosmos. En aquesta xerrada farem un viatge des de l&#8217;inici del nostre Univers fins avui, acompanyats de la Teoria de la Relativitat General <\/p>\n\n\n\n<p><strong>Dr. Guillem Anglada, <\/strong>Institut de Ci\u00e8ncies de l&#8217;Espai, CSIC<\/p>\n\n\n\n<p><strong>T\u00edtol:<\/strong> Vida m\u00e9s enll\u00e0 de la Terra i exoplanetes<\/p>\n\n\n\n<p><strong>Resum:<\/strong> Quin \u00e9s l&#8217;origen de la vida? Estem sols a l&#8217;Univers? S\u00f3n dues preguntes. Molt fonamentals i lligades una a l&#8217;altra. Des de fa un parell de d\u00e8cades, tenim la capacitat de detectar planetes amb caracter\u00edstiques similars al nostre al voltant d&#8217;altres estrelles, per\u00f2 continuem sense tenir evid\u00e8ncia de vida m\u00e9s enll\u00e0 del nostre planeta. Repassarem on som en aquesta cerca, quines seran les nostres capacitats per trobar vida en el futur proper, i qu\u00e8 implicaria trobar-ne.<\/p>\n\n\n\n<hr class=\"wp-block-separator\"\/>\n\n\n\n<p><\/p>\n\n\n\n<h4 class=\"wp-block-heading\">14\u00aa  Jornades de Relativitat de Terrassa<\/h4>\n\n\n\n<p><strong>Terrassa, 5 de juny 202<\/strong>1<\/p>\n\n\n\n<div class=\"wp-block-image\"><figure class=\"aligncenter size-large is-resized\"><img loading=\"lazy\" decoding=\"async\" src=\"https:\/\/astroterrassa.org\/blog\/wp-content\/uploads\/2021\/05\/XIVJRT21_cart_def_e.jpg\" alt=\"\" class=\"wp-image-4844\" width=\"369\" height=\"518\"\/><\/figure><\/div>\n\n\n\n<p><strong>Programa<\/strong><\/p>\n\n\n\n<p>9:00 &#8211; 9:30: Acreditacions, entrada, assignaci\u00f3 localitats.<\/p>\n\n\n\n<p>9:30- 9:45: Presentaci\u00f3 de les XIV Jornades.<\/p>\n\n\n\n<p>9:45 \u2013 10:45: Xerrada d&#8217;Andreu Font-Ribera: \u00abEnergia fosca i l&#8217;expansi\u00f3 accelerada de l&#8217;Univers\u00bb<\/p>\n\n\n\n<p>10:45 &#8211; 11:30: Descans. Petit refrigeri. Exposici\u00f3 i venda de llibres relacionats amb la tem\u00e0tica de les confer\u00e8ncies.<\/p>\n\n\n\n<p>11:30 &#8211; 12:30: Xerrada de Pilar Gil-Pons:&nbsp;\u00abEvoluci\u00f3 i nucleos\u00edntesi de les estrelles m\u00e9s antigues de l&#8217;univers\u00bb<\/p>\n\n\n\n<p>12:30 &#8211; 13:30: Xerrada de Tom\u00e1s Andrade:&nbsp;\u00abEl sue\u00f1o va sobre el tiempo: agujeros negros y ondas gravitacionales\u00bb<\/p>\n\n\n\n<p>+ Dinar Relativista. Restaurant &#8220;La terrassa del Museu&#8221; Rambla d&#8217;\u00c8gara, 270<\/p>\n\n\n\n<hr class=\"wp-block-separator\"\/>\n\n\n\n<p><\/p>\n\n\n\n<p><strong>13\u00aa  Jornades de Relativitat de Terrassa<\/strong><\/p>\n\n\n\n<p><strong>Terrassa, 5 de setembre 2020<\/strong><\/p>\n\n\n\n<p>Presentaci\u00f3 de les XIII Jornades a c\u00e0rrec del president de l&#8217;aaT, Ra\u00fcl Aragon\u00e9s, el vice-president Jordi Miralda i del Regidor d&#8217;Economia Social, Innovaci\u00f3, Universitats, Turisme i Projectes Audiovisuals  de l&#8217;Ajuntament de Terrassa, Pep Forn. (<a href=\"https:\/\/www.youtube.com\/watch?v=BESQMgaBuZY\" target=\"_blank\" rel=\"noreferrer noopener\" aria-label=\"Accedeix al v\u00eddeo (s'obre en una nova pestanya)\">Accedeix al v\u00eddeo<\/a>)<\/p>\n\n\n\n<div class=\"wp-block-media-text alignwide is-vertically-aligned-top\" style=\"grid-template-columns:42% auto\"><figure class=\"wp-block-media-text__media\"><img loading=\"lazy\" decoding=\"async\" width=\"354\" height=\"501\" src=\"https:\/\/astroterrassa.org\/blog\/wp-content\/uploads\/2020\/07\/cartell-jornades-relativitat-setembre-web1_e2.jpg\" alt=\"\" class=\"wp-image-3261\" srcset=\"https:\/\/astroterrassa.org\/blog\/wp-content\/uploads\/2020\/07\/cartell-jornades-relativitat-setembre-web1_e2.jpg 354w, https:\/\/astroterrassa.org\/blog\/wp-content\/uploads\/2020\/07\/cartell-jornades-relativitat-setembre-web1_e2-212x300.jpg 212w\" sizes=\"auto, (max-width: 354px) 100vw, 354px\" \/><\/figure><div class=\"wp-block-media-text__content\">\n<p><strong>Confer\u00e8ncies:<\/strong><\/p>\n\n\n\n<ul class=\"wp-block-list\"><li>&#8220;Ondas gravitacionales y detecci\u00f3n con interfer\u00f3metros l\u00e1ser&#8221; &#8211; Pablo Barneo (ICC-UB. Barcelona). (<a href=\"https:\/\/www.youtube.com\/watch?v=uc8vUj7ZRtM&amp;t=9s\" target=\"_blank\" rel=\"noreferrer noopener\">Accedeix al v\u00eddeo<\/a>)<\/li><li>&#8220;El naixement i l\u2019evoluci\u00f3 de la nostra gal\u00e0xia a trav\u00e9s dels ulls del sat\u00e8l\u00b7lit Gaia&#8221; &#8211; Carme Gallart (IAC. Tenerife) (<a rel=\"noreferrer noopener\" aria-label=\" (s'obre en una nova pestanya)\" href=\"https:\/\/youtu.be\/ud9AlhFmcvc\" target=\"_blank\">Accedeix al v\u00eddeo<\/a>)<\/li><li>&#8220;Estrelles de neutrons: un laboratori de mat\u00e8ria densa sota gravetat extrema&#8221; &#8211; Laura Tolos (ICE Campus UAB. Bellaterra) (<a rel=\"noreferrer noopener\" aria-label=\" (s'obre en una nova pestanya)\" href=\"https:\/\/youtu.be\/5AkHWuqA29A\" target=\"_blank\">Accedeix al v\u00eddeo<\/a>)<\/li><\/ul>\n\n\n\n<p><\/p>\n<\/div><\/div>\n\n\n\n<p>\n\n______________________________________________\n\n<\/p>\n\n\n\n<h4 class=\"wp-block-heading\">12\u00aa  Jornada de divulgaci\u00f3 de la relativitat<\/h4>\n\n\n\n<p><strong>Terrassa. 25 de maig de 2019<\/strong><\/p>\n\n\n\n<div class=\"wp-block-media-text alignwide is-vertically-aligned-top\" style=\"grid-template-columns:42% auto\"><figure class=\"wp-block-media-text__media\"><img loading=\"lazy\" decoding=\"async\" width=\"360\" height=\"501\" src=\"http:\/\/astroterrassa.org\/blog\/wp-content\/uploads\/2019\/12\/12Jornada2019_p.jpg\" alt=\"\" class=\"wp-image-1232\" srcset=\"https:\/\/astroterrassa.org\/blog\/wp-content\/uploads\/2019\/12\/12Jornada2019_p.jpg 360w, https:\/\/astroterrassa.org\/blog\/wp-content\/uploads\/2019\/12\/12Jornada2019_p-216x300.jpg 216w\" sizes=\"auto, (max-width: 360px) 100vw, 360px\" \/><\/figure><div class=\"wp-block-media-text__content\">\n<p><strong>Confer\u00e8ncies<\/strong><\/p>\n\n\n\n<ul class=\"wp-block-list\"><li>&#8220;Estels de neutrons a la nostra gal\u00e0xia&#8221; &#8211; Dr. Manuel Linares<\/li><li>&#8220;Primera imatge d&#8217;un forat negre&#8221; &#8211; Dr. Jordi Miralda<\/li><li>&#8220;Gaia ens fa replantejar l&#8217;estabilitat del disc gal\u00e0ctic&#8221; &#8211; Dra. Merc\u00e8 Romero<\/li><li>&#8220;Distorsions de l&#8217;espai-temps: Forats negres i ones gravitat\u00f2ries&#8221; &#8211;  Dr. Jorge Rocha<\/li><\/ul>\n\n\n\n<p><strong>Entrega de premis concurs fotografia<\/strong><\/p>\n\n\n\n<p><strong>Dinar relativista a La Terrassa del Museu<\/strong> <\/p>\n<\/div><\/div>\n\n\n\n<p>\n\n______________________________________________\n\n<\/p>\n\n\n\n<h4 class=\"wp-block-heading\">11\u00aa  Jornada de divulgaci\u00f3 de la relativitat<\/h4>\n\n\n\n<p> <strong>Terrassa. 26 de maig de 2018<\/strong> <\/p>\n\n\n\n<div class=\"wp-block-media-text alignwide is-vertically-aligned-top\" style=\"grid-template-columns:42% auto\"><figure class=\"wp-block-media-text__media\"><img loading=\"lazy\" decoding=\"async\" width=\"360\" height=\"509\" src=\"http:\/\/astroterrassa.org\/blog\/wp-content\/uploads\/2019\/12\/11jornades2018_p.jpg\" alt=\"\" class=\"wp-image-1231\" srcset=\"https:\/\/astroterrassa.org\/blog\/wp-content\/uploads\/2019\/12\/11jornades2018_p.jpg 360w, https:\/\/astroterrassa.org\/blog\/wp-content\/uploads\/2019\/12\/11jornades2018_p-212x300.jpg 212w\" sizes=\"auto, (max-width: 360px) 100vw, 360px\" \/><\/figure><div class=\"wp-block-media-text__content\">\n<p><strong>Confer\u00e8ncies<\/strong><\/p>\n\n\n\n<ul class=\"wp-block-list\"><li>&#8220;Stephen Hawking: El tiempo, el olvido y la cu\u00e1ntica en los agujeros negros&#8221; &#8211;  Roberto Empar\u00e1n<\/li><li>&#8220;Contrapartides electromgn\u00e8tiques a les ones gravitacionals&#8221; &#8211;  Carles Badenes<\/li><li>&#8220;La missi\u00f3 Gaia: Mil milions d&#8217;ulls per a mil milions d&#8217;estrelles&#8221; &#8211;  Teresa Antoja<\/li><\/ul>\n\n\n\n<p><strong>Dinar relativista a La Terrassa del Museu<\/strong> <\/p>\n<\/div><\/div>\n\n\n\n<p>\n\n______________________________________________\n\n<\/p>\n\n\n\n<h4 class=\"wp-block-heading\">10\u00aa  Jornada de divulgaci\u00f3 de la relativitat<\/h4>\n\n\n\n<p><strong>Terrassa, 6 de maig de 2017<\/strong><\/p>\n\n\n\n<div class=\"wp-block-media-text alignwide is-vertically-aligned-top\" style=\"grid-template-columns:41% auto\"><figure class=\"wp-block-media-text__media\"><img loading=\"lazy\" decoding=\"async\" width=\"360\" height=\"509\" src=\"http:\/\/astroterrassa.org\/blog\/wp-content\/uploads\/2019\/12\/10Jornades2017_p.jpg\" alt=\"\" class=\"wp-image-1230\" srcset=\"https:\/\/astroterrassa.org\/blog\/wp-content\/uploads\/2019\/12\/10Jornades2017_p.jpg 360w, https:\/\/astroterrassa.org\/blog\/wp-content\/uploads\/2019\/12\/10Jornades2017_p-212x300.jpg 212w\" sizes=\"auto, (max-width: 360px) 100vw, 360px\" \/><\/figure><div class=\"wp-block-media-text__content\">\n<p><strong>Confer\u00e8ncies<\/strong><\/p>\n\n\n\n<ul class=\"wp-block-list\"><li>&#8220;La cara oscura del universo&#8221; &#8211; Prof. Aurelio Juste<\/li><li>&#8220;Els telescopis de llum Txerenkov. Una finestra a l&#8217;univers violent&#8221; &#8211;  Prof. Llu\u00eds Font<\/li><li>&#8220;\u00bfComprendemos como funciona el universo?&#8221; &#8211;  Prof. Ra\u00fal Jim\u00e9nez<\/li><\/ul>\n<\/div><\/div>\n\n\n\n<p>\n\n______________________________________________\n\n<\/p>\n\n\n\n<h4 class=\"wp-block-heading\">9\u00aa  Jornada de divulgaci\u00f3 de la relativitat<\/h4>\n\n\n\n<p><strong>Terrassa, 27 de febrer de 2016<\/strong><\/p>\n\n\n\n<div class=\"wp-block-media-text alignwide is-vertically-aligned-top\" style=\"grid-template-columns:41% auto\"><figure class=\"wp-block-media-text__media\"><img loading=\"lazy\" decoding=\"async\" width=\"360\" height=\"509\" src=\"http:\/\/astroterrassa.org\/blog\/wp-content\/uploads\/2019\/12\/9Jornades2016_p.jpg\" alt=\"\" class=\"wp-image-1229\" srcset=\"https:\/\/astroterrassa.org\/blog\/wp-content\/uploads\/2019\/12\/9Jornades2016_p.jpg 360w, https:\/\/astroterrassa.org\/blog\/wp-content\/uploads\/2019\/12\/9Jornades2016_p-212x300.jpg 212w\" sizes=\"auto, (max-width: 360px) 100vw, 360px\" \/><\/figure><div class=\"wp-block-media-text__content\">\n<p> <strong>Confer\u00e8ncies<\/strong> <\/p>\n\n\n\n<ul class=\"wp-block-list\"><li>&#8220;L&#8217;univers MAGIC: Un tast de l&#8217;astrof\u00edsica gamma de molt altes energ\u00edes&#8221; &#8211; Llu\u00eds Font<\/li><li>&#8220;Einstein i la no localitat de la mec\u00e0nica qu\u00e0ntica&#8221; &#8211; Jordi Mompart<\/li><li>&#8220;Forats negres de sobretaula&#8221; &#8211; Isabel Fern\u00e1ndez <\/li><\/ul>\n\n\n\n<p><strong>Dinar relativista a La Terrassa del Museu<\/strong> <\/p>\n<\/div><\/div>\n\n\n\n<p>\n\n______________________________________________\n\n<\/p>\n\n\n\n<h4 class=\"wp-block-heading\"> 8\u00aa  Jornada de divulgaci\u00f3 de la relativitat <\/h4>\n\n\n\n<p><strong>Terrassa, 28 de febrer de 2015<\/strong><\/p>\n\n\n\n<div class=\"wp-block-media-text alignwide is-vertically-aligned-top\" style=\"grid-template-columns:41% auto\"><figure class=\"wp-block-media-text__media\"><img loading=\"lazy\" decoding=\"async\" width=\"360\" height=\"509\" src=\"http:\/\/astroterrassa.org\/blog\/wp-content\/uploads\/2019\/12\/8Jornades2015_p.jpg\" alt=\"\" class=\"wp-image-1228\" srcset=\"https:\/\/astroterrassa.org\/blog\/wp-content\/uploads\/2019\/12\/8Jornades2015_p.jpg 360w, https:\/\/astroterrassa.org\/blog\/wp-content\/uploads\/2019\/12\/8Jornades2015_p-212x300.jpg 212w\" sizes=\"auto, (max-width: 360px) 100vw, 360px\" \/><\/figure><div class=\"wp-block-media-text__content\">\n<p> <strong>Confer\u00e8ncies<\/strong>  <\/p>\n\n\n\n<ul class=\"wp-block-list\"><li>&#8220;Forats negres a la gal\u00e0xia&#8221; &#8211; Dr. Ignasi Ribas<\/li><li>&#8220;Aspectes relativistes dels Sistemes de Posicionament Global (GPS, Galileu,&#8230;)&#8221; &#8211;  Dr. Antoni Rius<\/li><li>&#8220;La llum es tor\u00e7a al cel: l&#8217;eclipsi de 1919 i l&#8217;esclat medi\u00e0tic d&#8217;Einstein&#8221; &#8211;  Dr. Xavier Roqu\u00e9<\/li><\/ul>\n\n\n\n<p><strong>Dinar relativista a La Terrassa del Museu<\/strong> <\/p>\n\n\n\n<p><strong>Cinema forum<\/strong><\/p>\n\n\n\n<p><strong>Observaci\u00f3 astron\u00f2mica<\/strong><\/p>\n<\/div><\/div>\n\n\n\n<p>\n\n______________________________________________\n\n<\/p>\n\n\n\n<h4 class=\"wp-block-heading\"> 7\u00aa  Jornada de divulgaci\u00f3 de la relativitat <\/h4>\n\n\n\n<p><strong>Terrassa, 22 de febrer de 2014<\/strong><\/p>\n\n\n\n<div class=\"wp-block-media-text alignwide is-vertically-aligned-top\" style=\"grid-template-columns:41% auto\"><figure class=\"wp-block-media-text__media\"><img loading=\"lazy\" decoding=\"async\" width=\"360\" height=\"510\" src=\"http:\/\/astroterrassa.org\/blog\/wp-content\/uploads\/2019\/12\/7Jornades2014_p.jpg\" alt=\"\" class=\"wp-image-1227\" srcset=\"https:\/\/astroterrassa.org\/blog\/wp-content\/uploads\/2019\/12\/7Jornades2014_p.jpg 360w, https:\/\/astroterrassa.org\/blog\/wp-content\/uploads\/2019\/12\/7Jornades2014_p-212x300.jpg 212w\" sizes=\"auto, (max-width: 360px) 100vw, 360px\" \/><\/figure><div class=\"wp-block-media-text__content\">\n<p> <strong>Confer\u00e8ncies<\/strong>  <\/p>\n\n\n\n<ul class=\"wp-block-list\"><li>&#8220;L&#8217;univers a trav\u00e9s del temps&#8221; &#8211; E. Elizalde<\/li><li>&#8220;La mat\u00e8ria fosca i les seves alternatives&#8221; &#8211;  X. Luri<\/li><li>&#8220;Einstein a Catalunya 1923&#8221; &#8211;  A. Roca<\/li><\/ul>\n\n\n\n<p><strong>Dinar relativista a La Terrassa del Museu<\/strong> <\/p>\n\n\n\n<p><strong>Cinema forum<\/strong> <\/p>\n\n\n\n<p><strong>Observaci\u00f3 astron\u00f2mica<\/strong> <\/p>\n<\/div><\/div>\n\n\n\n<p>\n\n______________________________________________\n\n<\/p>\n\n\n\n<h4 class=\"wp-block-heading\">6\u00aa  Jornada de divulgaci\u00f3 de la relativitat <\/h4>\n\n\n\n<p><strong>Terrassa, 23 de febrer de 2013<\/strong><\/p>\n\n\n\n<div class=\"wp-block-media-text alignwide is-vertically-aligned-top\" style=\"grid-template-columns:42% auto\"><figure class=\"wp-block-media-text__media\"><img loading=\"lazy\" decoding=\"async\" width=\"292\" height=\"520\" src=\"http:\/\/astroterrassa.org\/blog\/wp-content\/uploads\/2019\/12\/6Jornades2013_p.jpg\" alt=\"\" class=\"wp-image-1226\" srcset=\"https:\/\/astroterrassa.org\/blog\/wp-content\/uploads\/2019\/12\/6Jornades2013_p.jpg 292w, https:\/\/astroterrassa.org\/blog\/wp-content\/uploads\/2019\/12\/6Jornades2013_p-168x300.jpg 168w\" sizes=\"auto, (max-width: 292px) 100vw, 292px\" \/><\/figure><div class=\"wp-block-media-text__content\">\n<p> <strong>Confer\u00e8ncies<\/strong> <\/p>\n\n\n\n<ul class=\"wp-block-list\"><li>&#8220;La aceleraci\u00f3n del universo&#8221; &#8211; Pilar Ru\u00edz Lapuente<\/li><li>&#8220;El bos\u00f3 de Higgs. La part\u00edcula del buit&#8221; &#8211; Ramon Miquel<\/li><li>&#8220;Einstein &#8211; Bohr: La natura de la realitat&#8221; &#8211; Andreu Valls<\/li><\/ul>\n\n\n\n<p><strong>Tallers<\/strong><\/p>\n\n\n\n<ul class=\"wp-block-list\"><li>Projecci\u00f3 al planetari d&#8217;<em>El cel a l&#8217;eclipsi de 1919<\/em><\/li><li>Observaci\u00f3 astron\u00f2mica<\/li><\/ul>\n\n\n\n<p><strong>Dinar relativista a La Terrassa del Museu<\/strong> <\/p>\n\n\n\n<p><strong>Cinema &#8211; col\u00b7loqui: <em>Andr\u00f2meda<\/em> <\/strong><\/p>\n\n\n\n<p><strong>Observaci\u00f3 astron\u00f2mica<\/strong><\/p>\n<\/div><\/div>\n\n\n\n<p>\n\n______________________________________________\n\n<\/p>\n\n\n\n<h4 class=\"wp-block-heading\">5\u00aa  Jornada de divulgaci\u00f3 de la relativitat <\/h4>\n\n\n\n<p><strong>Terrassa, 24 i 25 de febrer de 2012<\/strong><\/p>\n\n\n\n<div class=\"wp-block-media-text alignwide is-vertically-aligned-top\" style=\"grid-template-columns:42% auto\"><figure class=\"wp-block-media-text__media\"><img loading=\"lazy\" decoding=\"async\" width=\"424\" height=\"600\" src=\"https:\/\/astroterrassa.org\/blog\/wp-content\/uploads\/2020\/01\/5jornadaV_ok.jpg\" alt=\"\" class=\"wp-image-1410\" srcset=\"https:\/\/astroterrassa.org\/blog\/wp-content\/uploads\/2020\/01\/5jornadaV_ok.jpg 424w, https:\/\/astroterrassa.org\/blog\/wp-content\/uploads\/2020\/01\/5jornadaV_ok-212x300.jpg 212w\" sizes=\"auto, (max-width: 424px) 100vw, 424px\" \/><\/figure><div class=\"wp-block-media-text__content\">\n<p><strong>Cinema &#8211; col\u00b7loqui: <em>Creadores de sombras<\/em><\/strong><\/p>\n\n\n\n<p> <strong>Confer\u00e8ncies<\/strong>  <\/p>\n\n\n\n<ul class=\"wp-block-list\"><li>&#8220;Rompiendo la barrera de la luz: \u00bfPueden los neutrinos ser superlum\u00ednicos?&#8221;<\/li><li>&#8220;L&#8217;eclipsi que va canviar el nostre concepte de gravetat&#8221;<\/li><li>&#8220;Un univers a mida de l&#8217;\u00e9sser hum\u00e0?&#8221;<\/li><\/ul>\n\n\n\n<p><strong>Taller de f\u00edsica<\/strong><\/p>\n\n\n\n<p><strong>Dinar<\/strong><\/p>\n\n\n\n<p><strong>Cinema &#8211; col\u00b7loqui<\/strong><\/p>\n\n\n\n<p><strong>Observaci\u00f3 astron\u00f2mica<\/strong><\/p>\n<\/div><\/div>\n\n\n\n<p>\n\n______________________________________________\n\n<\/p>\n\n\n\n<h4 class=\"wp-block-heading\">4\u00aa  Jornada de divulgaci\u00f3 de la relativitat<\/h4>\n\n\n\n<p><strong>Terrassa, 25 i 26 de febrer de 2011<\/strong><\/p>\n\n\n\n<div class=\"wp-block-media-text alignwide is-vertically-aligned-top\" style=\"grid-template-columns:42% auto\"><figure class=\"wp-block-media-text__media\"><img loading=\"lazy\" decoding=\"async\" width=\"360\" height=\"515\" src=\"http:\/\/astroterrassa.org\/blog\/wp-content\/uploads\/2019\/12\/4Jornades2011_p.jpg\" alt=\"\" class=\"wp-image-1224\" srcset=\"https:\/\/astroterrassa.org\/blog\/wp-content\/uploads\/2019\/12\/4Jornades2011_p.jpg 360w, https:\/\/astroterrassa.org\/blog\/wp-content\/uploads\/2019\/12\/4Jornades2011_p-210x300.jpg 210w\" sizes=\"auto, (max-width: 360px) 100vw, 360px\" \/><\/figure><div class=\"wp-block-media-text__content\">\n<p><strong>Cinema-coloqui: <em>El genio del amor<\/em><\/strong><\/p>\n\n\n\n<p><strong>Confer\u00e8ncies<\/strong> <\/p>\n\n\n\n<ul class=\"wp-block-list\"><li>&#8220;Els taxistes, necessiten de la relativitat?&#8221;<\/li><li>&#8220;Ones gravitat\u00f2ries: El so de l&#8217;univers&#8221;<\/li><li>&#8220;L&#8217;univers violent: del Big Bang a les explosions de Supernova&#8221;<\/li><\/ul>\n\n\n\n<p><strong>Visita guiada a &#8220;La Terrassa del Sol&#8221;<\/strong><\/p>\n\n\n\n<p><strong>Dinar a La Terrassa del Museu<\/strong> <\/p>\n\n\n\n<p><strong>Cinema &#8211; col\u00b7loqui: <em>Stargate, Atlantis<\/em><\/strong> <\/p>\n\n\n\n<p><strong>Berenar<\/strong><\/p>\n\n\n\n<p><strong>Observaci\u00f3 astron\u00f2mica<\/strong><\/p>\n<\/div><\/div>\n\n\n\n<p>\n\n______________________________________________\n\n<\/p>\n\n\n\n<h4 class=\"wp-block-heading\">3\u00aa  Jornada de divulgaci\u00f3 de la relativitat<\/h4>\n\n\n\n<p><strong>Terrassa, 26 i 27 de febrer de 2010<\/strong><\/p>\n\n\n\n<div class=\"wp-block-media-text alignwide is-vertically-aligned-top\" style=\"grid-template-columns:41% auto\"><figure class=\"wp-block-media-text__media\"><img loading=\"lazy\" decoding=\"async\" width=\"360\" height=\"509\" src=\"http:\/\/astroterrassa.org\/blog\/wp-content\/uploads\/2019\/12\/3Jornades2010_p.jpg\" alt=\"\" class=\"wp-image-1223\" srcset=\"https:\/\/astroterrassa.org\/blog\/wp-content\/uploads\/2019\/12\/3Jornades2010_p.jpg 360w, https:\/\/astroterrassa.org\/blog\/wp-content\/uploads\/2019\/12\/3Jornades2010_p-212x300.jpg 212w\" sizes=\"auto, (max-width: 360px) 100vw, 360px\" \/><\/figure><div class=\"wp-block-media-text__content\">\n<p><strong>Cinema-coloqui: <em>Einstein i Eddington<\/em><\/strong> <\/p>\n\n\n\n<p><strong>Confer\u00e8ncies<\/strong>  <\/p>\n\n\n\n<ul class=\"wp-block-list\"><li>&#8220;L&#8217;origen de l&#8217;univers: El gran esclat i el model d&#8217;inflaci\u00f3&#8221;<\/li><li>&#8220;Distorsiones espaciotemporales y los viajes espaciales&#8221;<\/li><li>&#8220;Les contribucions de Lorentz i Pointcar\u00e9 a la Relativitat Especial&#8221;<\/li><\/ul>\n\n\n\n<p><strong>Dinar al Restaurant Textures<\/strong><\/p>\n\n\n\n<p><strong>Visita guiada a &#8220;La Seu d&#8217;\u00c8gara&#8221;<\/strong><\/p>\n\n\n\n<p> <strong>Cinema &#8211; col\u00b7loqui: <em>SG1 \u00c9xodo<\/em><\/strong><\/p>\n\n\n\n<p><strong>Berenar<\/strong> <\/p>\n\n\n\n<p> <strong>Observaci\u00f3 astron\u00f2mica<\/strong> <\/p>\n<\/div><\/div>\n\n\n\n<p>\n\n______________________________________________\n\n<\/p>\n\n\n\n<h4 class=\"wp-block-heading\">2\u00aa  Jornada de divulgaci\u00f3 de la relativitat<\/h4>\n\n\n\n<p><strong>Terrassa, 23 de maig de 2009<\/strong><\/p>\n\n\n\n<div class=\"wp-block-media-text alignwide is-vertically-aligned-top\" style=\"grid-template-columns:42% auto\"><figure class=\"wp-block-media-text__media\"><img loading=\"lazy\" decoding=\"async\" width=\"360\" height=\"508\" src=\"http:\/\/astroterrassa.org\/blog\/wp-content\/uploads\/2019\/12\/2Jornades2009_p.jpg\" alt=\"\" class=\"wp-image-1222\" srcset=\"https:\/\/astroterrassa.org\/blog\/wp-content\/uploads\/2019\/12\/2Jornades2009_p.jpg 360w, https:\/\/astroterrassa.org\/blog\/wp-content\/uploads\/2019\/12\/2Jornades2009_p-213x300.jpg 213w\" sizes=\"auto, (max-width: 360px) 100vw, 360px\" \/><\/figure><div class=\"wp-block-media-text__content\">\n<p><strong>Confer\u00e8ncies<\/strong> <\/p>\n\n\n\n<ul class=\"wp-block-list\"><li>&#8220;La mat\u00e8ria fosca&#8221;<\/li><li>&#8220;La relatividad en la ciencia-ficci\u00f3n&#8221;<\/li><li>&#8220;Einstein, el costat hum\u00e0 d&#8217;un geni&#8221;<\/li><\/ul>\n\n\n\n<p><strong>Taller\/visita al Museu<\/strong><\/p>\n\n\n\n<p> <strong>Dinar a La Terrassa del Museu<\/strong> <\/p>\n\n\n\n<p><strong>Cinema: <em>Andr\u00f2meda<\/em> (episodi pilot)<\/strong><\/p>\n\n\n\n<p><strong>Berenar<\/strong><\/p>\n\n\n\n<p><strong>Observaci\u00f3 astron\u00f2mica<\/strong><\/p>\n<\/div><\/div>\n\n\n\n<p>\n\n______________________________________________\n\n<\/p>\n\n\n\n<h4 class=\"wp-block-heading\">1\u00aa Jornada de divulgaci\u00f3 de la relativitat<\/h4>\n\n\n\n<p><strong>Terrassa, 5 de juliol de 2008<\/strong><\/p>\n\n\n\n<div class=\"wp-block-media-text alignwide is-vertically-aligned-top\" style=\"grid-template-columns:45% auto\"><figure class=\"wp-block-media-text__media\"><img loading=\"lazy\" decoding=\"async\" width=\"360\" height=\"466\" src=\"http:\/\/astroterrassa.org\/blog\/wp-content\/uploads\/2019\/12\/1Jornades2008_p.jpg\" alt=\"\" class=\"wp-image-1221\" srcset=\"https:\/\/astroterrassa.org\/blog\/wp-content\/uploads\/2019\/12\/1Jornades2008_p.jpg 360w, https:\/\/astroterrassa.org\/blog\/wp-content\/uploads\/2019\/12\/1Jornades2008_p-232x300.jpg 232w\" sizes=\"auto, (max-width: 360px) 100vw, 360px\" \/><\/figure><div class=\"wp-block-media-text__content\">\n<p><strong>Confer\u00e8ncies<\/strong> <\/p>\n\n\n\n<ul class=\"wp-block-list\"><li>&#8220;La relativitat especial&#8221;<\/li><li>&#8220;Los s\u00f3lidos en relatividad y la paradoja de la llave&#8221;<\/li><li>&#8220;La relativitat en el nostre univers&#8221;<\/li><li>&#8220;Ondas gravitacionales y la microf\u00edsica de las estrellas de neutrones&#8221;<\/li><\/ul>\n\n\n\n<p><strong>Documental: <em>Velocidad y tiempo<\/em><\/strong><\/p>\n\n\n\n<p> <strong>Dinar a La Terrassa del Museu<\/strong> <\/p>\n\n\n\n<p><strong>Cinema &#8211; col\u00b7loqui: <em>Stargate: Cuesti\u00f3n de tiempo<\/em><\/strong><\/p>\n\n\n\n<p><strong>Observaci\u00f3 solar<\/strong><\/p>\n<\/div><\/div>\n","protected":false},"excerpt":{"rendered":"<p>.Les Jornades de Relativitat de Terrassa s&#8217;organitzen anualment des de l&#8217;any 2008 per portar la divulgaci\u00f3 cient\u00edfica a la ciutat de Terrassa en temes relacionats amb la Teoria de la relativitat. L&#8217;Agrupaci\u00f3&#46;&#46;&#46;<\/p>\n","protected":false},"author":1,"featured_media":5670,"parent":0,"menu_order":0,"comment_status":"closed","ping_status":"closed","template":"","meta":{"footnotes":""},"class_list":["post-1220","page","type-page","status-publish","has-post-thumbnail","hentry"],"_links":{"self":[{"href":"https:\/\/astroterrassa.org\/blog\/wp-json\/wp\/v2\/pages\/1220","targetHints":{"allow":["GET"]}}],"collection":[{"href":"https:\/\/astroterrassa.org\/blog\/wp-json\/wp\/v2\/pages"}],"about":[{"href":"https:\/\/astroterrassa.org\/blog\/wp-json\/wp\/v2\/types\/page"}],"author":[{"embeddable":true,"href":"https:\/\/astroterrassa.org\/blog\/wp-json\/wp\/v2\/users\/1"}],"replies":[{"embeddable":true,"href":"https:\/\/astroterrassa.org\/blog\/wp-json\/wp\/v2\/comments?post=1220"}],"version-history":[{"count":0,"href":"https:\/\/astroterrassa.org\/blog\/wp-json\/wp\/v2\/pages\/1220\/revisions"}],"wp:featuredmedia":[{"embeddable":true,"href":"https:\/\/astroterrassa.org\/blog\/wp-json\/wp\/v2\/media\/5670"}],"wp:attachment":[{"href":"https:\/\/astroterrassa.org\/blog\/wp-json\/wp\/v2\/media?parent=1220"}],"curies":[{"name":"wp","href":"https:\/\/api.w.org\/{rel}","templated":true}]}}